{"id":28001,"date":"2024-07-17T12:33:17","date_gmt":"2024-07-17T12:33:17","guid":{"rendered":"https:\/\/bbb.avantcar.si\/?page_id=28001"},"modified":"2025-11-05T14:14:31","modified_gmt":"2025-11-05T14:14:31","slug":"elektricna-mobilnost","status":"publish","type":"page","link":"https:\/\/www.avantcar.si\/sl\/electric-mobility\/","title":{"rendered":"Elektri\u010dna mobilnost"},"content":{"rendered":"\t\t<div data-elementor-type=\"wp-page\" data-elementor-id=\"28001\" class=\"elementor elementor-28001 elementor-27999\">\n\t\t\t\t\t\t<section class=\"elementor-section elementor-top-section elementor-element elementor-element-1fe3d75 elementor-section-full_width elementor-section-height-default elementor-section-height-default parallax_section_no qode_elementor_container_no\" data-id=\"1fe3d75\" data-element_type=\"section\" data-settings=\"{&quot;background_background&quot;:&quot;classic&quot;}\">\n\t\t\t\t\t\t<div class=\"elementor-container elementor-column-gap-default\">\n\t\t\t\t\t<div class=\"elementor-column elementor-col-100 elementor-top-column elementor-element elementor-element-114eb10\" data-id=\"114eb10\" data-element_type=\"column\">\n\t\t\t<div class=\"elementor-widget-wrap elementor-element-populated\">\n\t\t\t\t\t\t<div class=\"elementor-element elementor-element-ea56f1b elementor-widget elementor-widget-heading\" data-id=\"ea56f1b\" data-element_type=\"widget\" data-widget_type=\"heading.default\">\n\t\t\t\t<div class=\"elementor-widget-container\">\n\t\t\t\t\t<h1 class=\"elementor-heading-title elementor-size-default\">Odkrijte elektri\u010dno mobilnost v Sloveniji<\/h1>\t\t\t\t<\/div>\n\t\t\t\t<\/div>\n\t\t\t\t\t<\/div>\n\t\t<\/div>\n\t\t\t\t\t<\/div>\n\t\t<\/section>\n\t\t\t\t<section class=\"elementor-section elementor-top-section elementor-element elementor-element-0e9a3fe elementor-section-full_width add-pad-lr-big elementor-section-height-default elementor-section-height-default parallax_section_no qode_elementor_container_no\" data-id=\"0e9a3fe\" data-element_type=\"section\">\n\t\t\t\t\t\t<div class=\"elementor-container elementor-column-gap-default\">\n\t\t\t\t\t<div class=\"elementor-column elementor-col-100 elementor-top-column elementor-element elementor-element-ac41590 emobility\" data-id=\"ac41590\" data-element_type=\"column\">\n\t\t\t<div class=\"elementor-widget-wrap elementor-element-populated\">\n\t\t\t\t\t\t<div class=\"elementor-element elementor-element-42a2472 elementor-widget elementor-widget-heading\" data-id=\"42a2472\" data-element_type=\"widget\" data-widget_type=\"heading.default\">\n\t\t\t\t<div class=\"elementor-widget-container\">\n\t\t\t\t\t<h2 class=\"elementor-heading-title elementor-size-default\">Vam e-vozila predstavljajo novost?<\/h2>\t\t\t\t<\/div>\n\t\t\t\t<\/div>\n\t\t\t\t<div class=\"elementor-element elementor-element-eeb707b elementor-widget elementor-widget-heading\" data-id=\"eeb707b\" data-element_type=\"widget\" data-widget_type=\"heading.default\">\n\t\t\t\t<div class=\"elementor-widget-container\">\n\t\t\t\t\t<h3 class=\"elementor-heading-title elementor-size-default\">Brez skrbi! Avant Car ponuja vrhunski vodnik o elektri\u010dni mobilnosti v Sloveniji.<\/h3>\t\t\t\t<\/div>\n\t\t\t\t<\/div>\n\t\t\t\t<div class=\"elementor-element elementor-element-f7af1a6 elementor-widget elementor-widget-text-editor\" data-id=\"f7af1a6\" data-element_type=\"widget\" data-widget_type=\"text-editor.default\">\n\t\t\t\t<div class=\"elementor-widget-container\">\n\t\t\t\t\t\t\t\t\t<p>Izkusite 100 % elektri\u010dno mobilnost in pri\u010dnite svoje popolnoma napolnjeno popotovanje brez skrbi! Odkrijte ve\u010d o na\u0161i ponudbi e-vozil in mre\u017ei polnilnih mest v sloveniji tako, da izberete eno od spodnjih vozil.<\/p>\n<p>Pona\u0161amo se z ve\u010d kot 16 milijoni prevo\u017eenih kilometrov brez izpustov in z najve\u010djim voznik parkom elektri\u010dnih vozil v regiji. Z veseljem z vami delimo na\u0161e izku\u0161nje.<\/p>\n\t\t\t\t\t\t\t\t<\/div>\n\t\t\t\t<\/div>\n\t\t\t\t\t<\/div>\n\t\t<\/div>\n\t\t\t\t\t<\/div>\n\t\t<\/section>\n\t\t\t\t<section class=\"elementor-section elementor-top-section elementor-element elementor-element-f72d9f2 elementor-section-full_width add-pad-b elementor-section-height-default elementor-section-height-default parallax_section_no qode_elementor_container_no\" data-id=\"f72d9f2\" data-element_type=\"section\" data-settings=\"{&quot;background_background&quot;:&quot;classic&quot;}\">\n\t\t\t\t\t\t<div class=\"elementor-container elementor-column-gap-default\">\n\t\t\t\t\t<div class=\"elementor-column elementor-col-100 elementor-top-column elementor-element elementor-element-278a087\" data-id=\"278a087\" data-element_type=\"column\">\n\t\t\t<div class=\"elementor-widget-wrap elementor-element-populated\">\n\t\t\t\t\t\t<section class=\"elementor-section elementor-inner-section elementor-element elementor-element-d24aac0 elementor-section-boxed elementor-section-height-default elementor-section-height-default parallax_section_no qode_elementor_container_no elementor-invisible\" data-id=\"d24aac0\" data-element_type=\"section\" data-settings=\"{&quot;animation&quot;:&quot;fadeIn&quot;}\">\n\t\t\t\t\t\t<div class=\"elementor-container elementor-column-gap-default\">\n\t\t\t\t\t<div class=\"elementor-column elementor-col-25 elementor-inner-column elementor-element elementor-element-056689e\" data-id=\"056689e\" data-element_type=\"column\">\n\t\t\t<div class=\"elementor-widget-wrap\">\n\t\t\t\t\t\t\t<\/div>\n\t\t<\/div>\n\t\t\t\t<div class=\"elementor-column elementor-col-25 elementor-inner-column elementor-element elementor-element-2cc987f business-paket\" data-id=\"2cc987f\" data-element_type=\"column\" data-settings=\"{&quot;background_background&quot;:&quot;classic&quot;}\">\n\t\t\t<div class=\"elementor-widget-wrap elementor-element-populated\">\n\t\t\t\t\t\t<div class=\"elementor-element elementor-element-1385067 elementor-widget elementor-widget-image\" data-id=\"1385067\" data-element_type=\"widget\" data-widget_type=\"image.default\">\n\t\t\t\t<div class=\"elementor-widget-container\">\n\t\t\t\t\t\t\t\t\t\t\t\t\t\t\t<img decoding=\"async\" src=\"https:\/\/www.avantcar.si\/wp-content\/uploads\/elementor\/thumbs\/Renault-Zoe-ZE52-rb48l7whh78hm4ixvpio8snk1mdqgkvsqnf0i12xog.png\" title=\"Renault Zoe ZE52\" alt=\"Renault Zoe ZE52\" loading=\"lazy\" \/>\t\t\t\t\t\t\t\t\t\t\t\t\t\t\t<\/div>\n\t\t\t\t<\/div>\n\t\t\t\t<div class=\"elementor-element elementor-element-f389e39 elementor-widget elementor-widget-heading\" data-id=\"f389e39\" data-element_type=\"widget\" data-widget_type=\"heading.default\">\n\t\t\t\t<div class=\"elementor-widget-container\">\n\t\t\t\t\t<h3 class=\"elementor-heading-title elementor-size-default\">Renault Zoe ZE52<\/h3>\t\t\t\t<\/div>\n\t\t\t\t<\/div>\n\t\t\t\t<div class=\"elementor-element elementor-element-5f8ebd7 elementor-list-item-link-full_width elementor-widget elementor-widget-icon-list\" data-id=\"5f8ebd7\" data-element_type=\"widget\" data-widget_type=\"icon-list.default\">\n\t\t\t\t<div class=\"elementor-widget-container\">\n\t\t\t\t\t\t\t<ul class=\"elementor-icon-list-items\">\n\t\t\t\t\t\t\t<li class=\"elementor-icon-list-item\">\n\t\t\t\t\t\t\t\t\t\t\t<span class=\"elementor-icon-list-icon\">\n\t\t\t\t\t\t\t<i aria-hidden=\"true\" class=\"fas fa-battery-three-quarters\"><\/i>\t\t\t\t\t\t<\/span>\n\t\t\t\t\t\t\t\t\t\t<span class=\"elementor-icon-list-text\">od 170 km do 375 km dosega<\/span>\n\t\t\t\t\t\t\t\t\t<\/li>\n\t\t\t\t\t\t\t\t<li class=\"elementor-icon-list-item\">\n\t\t\t\t\t\t\t\t\t\t\t<span class=\"elementor-icon-list-icon\">\n\t\t\t\t\t\t\t<i aria-hidden=\"true\" class=\"fas fa-charging-station\"><\/i>\t\t\t\t\t\t<\/span>\n\t\t\t\t\t\t\t\t\t\t<span class=\"elementor-icon-list-text\">50 kW najve\u010dja mo\u010d hitrega polnjenja<\/span>\n\t\t\t\t\t\t\t\t\t<\/li>\n\t\t\t\t\t\t\t\t<li class=\"elementor-icon-list-item\">\n\t\t\t\t\t\t\t\t\t\t\t<span class=\"elementor-icon-list-icon\">\n\t\t\t\t\t\t\t<i aria-hidden=\"true\" class=\"fas fa-plug\"><\/i>\t\t\t\t\t\t<\/span>\n\t\t\t\t\t\t\t\t\t\t<span class=\"elementor-icon-list-text\">Zdru\u017eljivo z vsemi javnimi polnilnicami<\/span>\n\t\t\t\t\t\t\t\t\t<\/li>\n\t\t\t\t\t\t<\/ul>\n\t\t\t\t\t\t<\/div>\n\t\t\t\t<\/div>\n\t\t\t\t<div class=\"elementor-element elementor-element-73c6c4f elementor-widget elementor-widget-spacer\" data-id=\"73c6c4f\" data-element_type=\"widget\" data-widget_type=\"spacer.default\">\n\t\t\t\t<div class=\"elementor-widget-container\">\n\t\t\t\t\t\t\t<div class=\"elementor-spacer\">\n\t\t\t<div class=\"elementor-spacer-inner\"><\/div>\n\t\t<\/div>\n\t\t\t\t\t\t<\/div>\n\t\t\t\t<\/div>\n\t\t\t\t<div class=\"elementor-element elementor-element-d7c8f6f bottom-btn elementor-absolute elementor-widget elementor-widget-bridge_button\" data-id=\"d7c8f6f\" data-element_type=\"widget\" data-settings=\"{&quot;_position&quot;:&quot;absolute&quot;}\" data-widget_type=\"bridge_button.default\">\n\t\t\t\t<div class=\"elementor-widget-container\">\n\t\t\t\t\t<a  itemprop=\"url\" href=\"https:\/\/www.avantcar.si\/electric-mobility\/ev-guide-renault-zoe\/\" target=\"_self\" data-hover-background-color='#30393D' data-hover-border-color='#30393D' data-hover-color='#FFFFFF' class=\"qbutton  big_large center default full-btn\" style=\"color: #FFFFFF; border-color: #6FB13F; font-weight: 900; font-family: Roboto; text-transform: none; font-size: 16px; letter-spacing: 0px; border-radius: 0px 0px 17px 17px;-moz-border-radius: 0px 0px 17px 17px;-webkit-border-radius: 0px 0px 17px 17px; background-color: #6FB13F;\">MORE ABOUT THIS MODEL<\/a>\t\t\t\t<\/div>\n\t\t\t\t<\/div>\n\t\t\t\t\t<\/div>\n\t\t<\/div>\n\t\t\t\t<div class=\"elementor-column elementor-col-25 elementor-inner-column elementor-element elementor-element-b341607 business-paket\" data-id=\"b341607\" data-element_type=\"column\" data-settings=\"{&quot;background_background&quot;:&quot;classic&quot;}\">\n\t\t\t<div class=\"elementor-widget-wrap elementor-element-populated\">\n\t\t\t\t\t\t<div class=\"elementor-element elementor-element-d3ca236 elementor-widget elementor-widget-image\" data-id=\"d3ca236\" data-element_type=\"widget\" data-widget_type=\"image.default\">\n\t\t\t\t<div class=\"elementor-widget-container\">\n\t\t\t\t\t\t\t\t\t\t\t\t\t\t\t<img decoding=\"async\" src=\"https:\/\/www.avantcar.si\/wp-content\/uploads\/elementor\/thumbs\/Peugeot_e208-1-rb48ksv2funwgd4sbj0n4wg6jgfv1f83ckz8tlp8g0.png\" title=\"Peugeot_e208\" alt=\"Peugeot_e208\" loading=\"lazy\" \/>\t\t\t\t\t\t\t\t\t\t\t\t\t\t\t<\/div>\n\t\t\t\t<\/div>\n\t\t\t\t<div class=\"elementor-element elementor-element-ed65851 elementor-widget elementor-widget-heading\" data-id=\"ed65851\" data-element_type=\"widget\" data-widget_type=\"heading.default\">\n\t\t\t\t<div class=\"elementor-widget-container\">\n\t\t\t\t\t<h3 class=\"elementor-heading-title elementor-size-default\">Peugeot e208<\/h3>\t\t\t\t<\/div>\n\t\t\t\t<\/div>\n\t\t\t\t<div class=\"elementor-element elementor-element-2299be3 elementor-icon-list--layout-traditional elementor-list-item-link-full_width elementor-widget elementor-widget-icon-list\" data-id=\"2299be3\" data-element_type=\"widget\" data-widget_type=\"icon-list.default\">\n\t\t\t\t<div class=\"elementor-widget-container\">\n\t\t\t\t\t\t\t<ul class=\"elementor-icon-list-items\">\n\t\t\t\t\t\t\t<li class=\"elementor-icon-list-item\">\n\t\t\t\t\t\t\t\t\t\t\t<span class=\"elementor-icon-list-icon\">\n\t\t\t\t\t\t\t<i aria-hidden=\"true\" class=\"fas fa-battery-three-quarters\"><\/i>\t\t\t\t\t\t<\/span>\n\t\t\t\t\t\t\t\t\t\t<span class=\"elementor-icon-list-text\">od 290 km do 390 km dosega<\/span>\n\t\t\t\t\t\t\t\t\t<\/li>\n\t\t\t\t\t\t\t\t<li class=\"elementor-icon-list-item\">\n\t\t\t\t\t\t\t\t\t\t\t<span class=\"elementor-icon-list-icon\">\n\t\t\t\t\t\t\t<i aria-hidden=\"true\" class=\"fas fa-charging-station\"><\/i>\t\t\t\t\t\t<\/span>\n\t\t\t\t\t\t\t\t\t\t<span class=\"elementor-icon-list-text\">100 kW najve\u010dja mo\u010d hitrega polnjenja<\/span>\n\t\t\t\t\t\t\t\t\t<\/li>\n\t\t\t\t\t\t\t\t<li class=\"elementor-icon-list-item\">\n\t\t\t\t\t\t\t\t\t\t\t<span class=\"elementor-icon-list-icon\">\n\t\t\t\t\t\t\t<i aria-hidden=\"true\" class=\"fas fa-plug\"><\/i>\t\t\t\t\t\t<\/span>\n\t\t\t\t\t\t\t\t\t\t<span class=\"elementor-icon-list-text\">Zdru\u017eljivo z vsemi javnimi polnilnicami<\/span>\n\t\t\t\t\t\t\t\t\t<\/li>\n\t\t\t\t\t\t<\/ul>\n\t\t\t\t\t\t<\/div>\n\t\t\t\t<\/div>\n\t\t\t\t<div class=\"elementor-element elementor-element-480caf0 elementor-widget elementor-widget-spacer\" data-id=\"480caf0\" data-element_type=\"widget\" data-widget_type=\"spacer.default\">\n\t\t\t\t<div class=\"elementor-widget-container\">\n\t\t\t\t\t\t\t<div class=\"elementor-spacer\">\n\t\t\t<div class=\"elementor-spacer-inner\"><\/div>\n\t\t<\/div>\n\t\t\t\t\t\t<\/div>\n\t\t\t\t<\/div>\n\t\t\t\t<div class=\"elementor-element elementor-element-33ce5eb bottom-btn elementor-absolute elementor-widget elementor-widget-bridge_button\" data-id=\"33ce5eb\" data-element_type=\"widget\" data-settings=\"{&quot;_position&quot;:&quot;absolute&quot;}\" data-widget_type=\"bridge_button.default\">\n\t\t\t\t<div class=\"elementor-widget-container\">\n\t\t\t\t\t<a  itemprop=\"url\" href=\"https:\/\/www.avantcar.si\/electric-mobility\/ev-guide-peugeot-e208\/\" target=\"_self\" data-hover-background-color='#30393D' data-hover-border-color='#30393D' data-hover-color='#FFFFFF' class=\"qbutton  big_large center default full-btn\" style=\"color: #FFFFFF; border-color: #6FB13F; font-weight: 900; font-family: Roboto; text-transform: none; font-size: 16px; letter-spacing: 0px; border-radius: 0px 0px 17px 17px;-moz-border-radius: 0px 0px 17px 17px;-webkit-border-radius: 0px 0px 17px 17px; background-color: #6FB13F;\">MORE ABOUT THIS MODEL<\/a>\t\t\t\t<\/div>\n\t\t\t\t<\/div>\n\t\t\t\t\t<\/div>\n\t\t<\/div>\n\t\t\t\t<div class=\"elementor-column elementor-col-25 elementor-inner-column elementor-element elementor-element-23645ab\" data-id=\"23645ab\" data-element_type=\"column\">\n\t\t\t<div class=\"elementor-widget-wrap\">\n\t\t\t\t\t\t\t<\/div>\n\t\t<\/div>\n\t\t\t\t\t<\/div>\n\t\t<\/section>\n\t\t\t\t<section class=\"elementor-section elementor-inner-section elementor-element elementor-element-55768c8 elementor-hidden-tablet elementor-hidden-mobile elementor-hidden-desktop elementor-section-boxed elementor-section-height-default elementor-section-height-default parallax_section_no qode_elementor_container_no elementor-invisible\" data-id=\"55768c8\" data-element_type=\"section\" data-settings=\"{&quot;animation&quot;:&quot;fadeIn&quot;}\">\n\t\t\t\t\t\t<div class=\"elementor-container elementor-column-gap-default\">\n\t\t\t\t\t<div class=\"elementor-column elementor-col-25 elementor-inner-column elementor-element elementor-element-6fa87f8\" data-id=\"6fa87f8\" data-element_type=\"column\">\n\t\t\t<div class=\"elementor-widget-wrap\">\n\t\t\t\t\t\t\t<\/div>\n\t\t<\/div>\n\t\t\t\t<div class=\"elementor-column elementor-col-25 elementor-inner-column elementor-element elementor-element-3900a00 business-paket\" data-id=\"3900a00\" data-element_type=\"column\" data-settings=\"{&quot;background_background&quot;:&quot;classic&quot;}\">\n\t\t\t<div class=\"elementor-widget-wrap elementor-element-populated\">\n\t\t\t\t\t\t<div class=\"elementor-element elementor-element-d70e110 elementor-widget elementor-widget-image\" data-id=\"d70e110\" data-element_type=\"widget\" data-widget_type=\"image.default\">\n\t\t\t\t<div class=\"elementor-widget-container\">\n\t\t\t\t\t\t\t\t\t\t\t\t\t\t\t<img decoding=\"async\" src=\"https:\/\/www.avantcar.si\/wp-content\/uploads\/elementor\/thumbs\/Mokka-e-3-rb48ksv2funwgd4sbj0n4wg6jgfv1f83ckz8tlp8g0.png\" title=\"Mokka-e\" alt=\"Opel Mokka-e\" loading=\"lazy\" \/>\t\t\t\t\t\t\t\t\t\t\t\t\t\t\t<\/div>\n\t\t\t\t<\/div>\n\t\t\t\t<div class=\"elementor-element elementor-element-f94e622 elementor-widget elementor-widget-heading\" data-id=\"f94e622\" data-element_type=\"widget\" data-widget_type=\"heading.default\">\n\t\t\t\t<div class=\"elementor-widget-container\">\n\t\t\t\t\t<h3 class=\"elementor-heading-title elementor-size-default\">Opel Mokka-e<\/h3>\t\t\t\t<\/div>\n\t\t\t\t<\/div>\n\t\t\t\t<div class=\"elementor-element elementor-element-867be55 elementor-list-item-link-full_width elementor-widget elementor-widget-icon-list\" data-id=\"867be55\" data-element_type=\"widget\" data-widget_type=\"icon-list.default\">\n\t\t\t\t<div class=\"elementor-widget-container\">\n\t\t\t\t\t\t\t<ul class=\"elementor-icon-list-items\">\n\t\t\t\t\t\t\t<li class=\"elementor-icon-list-item\">\n\t\t\t\t\t\t\t\t\t\t\t<span class=\"elementor-icon-list-icon\">\n\t\t\t\t\t\t\t<i aria-hidden=\"true\" class=\"fas fa-battery-three-quarters\"><\/i>\t\t\t\t\t\t<\/span>\n\t\t\t\t\t\t\t\t\t\t<span class=\"elementor-icon-list-text\">od 170 km do 375 km dosega<\/span>\n\t\t\t\t\t\t\t\t\t<\/li>\n\t\t\t\t\t\t\t\t<li class=\"elementor-icon-list-item\">\n\t\t\t\t\t\t\t\t\t\t\t<span class=\"elementor-icon-list-icon\">\n\t\t\t\t\t\t\t<i aria-hidden=\"true\" class=\"fas fa-charging-station\"><\/i>\t\t\t\t\t\t<\/span>\n\t\t\t\t\t\t\t\t\t\t<span class=\"elementor-icon-list-text\">100 kW najve\u010dja mo\u010d hitrega polnjenja<\/span>\n\t\t\t\t\t\t\t\t\t<\/li>\n\t\t\t\t\t\t\t\t<li class=\"elementor-icon-list-item\">\n\t\t\t\t\t\t\t\t\t\t\t<span class=\"elementor-icon-list-icon\">\n\t\t\t\t\t\t\t<i aria-hidden=\"true\" class=\"fas fa-plug\"><\/i>\t\t\t\t\t\t<\/span>\n\t\t\t\t\t\t\t\t\t\t<span class=\"elementor-icon-list-text\">Zdru\u017eljivo z vsemi javnimi polnilnicami<\/span>\n\t\t\t\t\t\t\t\t\t<\/li>\n\t\t\t\t\t\t<\/ul>\n\t\t\t\t\t\t<\/div>\n\t\t\t\t<\/div>\n\t\t\t\t<div class=\"elementor-element elementor-element-43f7d07 elementor-widget elementor-widget-spacer\" data-id=\"43f7d07\" data-element_type=\"widget\" data-widget_type=\"spacer.default\">\n\t\t\t\t<div class=\"elementor-widget-container\">\n\t\t\t\t\t\t\t<div class=\"elementor-spacer\">\n\t\t\t<div class=\"elementor-spacer-inner\"><\/div>\n\t\t<\/div>\n\t\t\t\t\t\t<\/div>\n\t\t\t\t<\/div>\n\t\t\t\t<div class=\"elementor-element elementor-element-36c8fbe bottom-btn elementor-absolute elementor-widget elementor-widget-bridge_button\" data-id=\"36c8fbe\" data-element_type=\"widget\" data-settings=\"{&quot;_position&quot;:&quot;absolute&quot;}\" data-widget_type=\"bridge_button.default\">\n\t\t\t\t<div class=\"elementor-widget-container\">\n\t\t\t\t\t<a  itemprop=\"url\" href=\"https:\/\/www.avantcar.si\/electric-mobility\/ev-guide-opel-mokka-e\/\" target=\"_self\" data-hover-background-color='#30393D' data-hover-border-color='#30393D' data-hover-color='#FFFFFF' class=\"qbutton  big_large center default full-btn\" style=\"color: #FFFFFF; border-color: #6FB13F; font-weight: 900; font-family: Roboto; text-transform: none; font-size: 16px; letter-spacing: 0px; border-radius: 0px 0px 17px 17px;-moz-border-radius: 0px 0px 17px 17px;-webkit-border-radius: 0px 0px 17px 17px; background-color: #6FB13F;\">MORE ABOUT THIS MODEL<\/a>\t\t\t\t<\/div>\n\t\t\t\t<\/div>\n\t\t\t\t\t<\/div>\n\t\t<\/div>\n\t\t\t\t<div class=\"elementor-column elementor-col-25 elementor-inner-column elementor-element elementor-element-b9e4499 business-paket\" data-id=\"b9e4499\" data-element_type=\"column\" data-settings=\"{&quot;background_background&quot;:&quot;classic&quot;}\">\n\t\t\t<div class=\"elementor-widget-wrap elementor-element-populated\">\n\t\t\t\t\t\t<div class=\"elementor-element elementor-element-543c39b elementor-widget elementor-widget-image\" data-id=\"543c39b\" data-element_type=\"widget\" data-widget_type=\"image.default\">\n\t\t\t\t<div class=\"elementor-widget-container\">\n\t\t\t\t\t\t\t\t\t\t\t\t\t\t\t<img decoding=\"async\" src=\"https:\/\/www.avantcar.si\/wp-content\/uploads\/elementor\/thumbs\/Peugeot_e2008-1-rb48jog09z4kl4rhvjjononczvz2ufrmv0xd6pd5vk.png\" title=\"Peugeot_e2008\" alt=\"Peugeot_e2008\" loading=\"lazy\" \/>\t\t\t\t\t\t\t\t\t\t\t\t\t\t\t<\/div>\n\t\t\t\t<\/div>\n\t\t\t\t<div class=\"elementor-element elementor-element-bc5020a elementor-widget elementor-widget-heading\" data-id=\"bc5020a\" data-element_type=\"widget\" data-widget_type=\"heading.default\">\n\t\t\t\t<div class=\"elementor-widget-container\">\n\t\t\t\t\t<h3 class=\"elementor-heading-title elementor-size-default\">Peugeot e2008<\/h3>\t\t\t\t<\/div>\n\t\t\t\t<\/div>\n\t\t\t\t<div class=\"elementor-element elementor-element-e474c01 elementor-icon-list--layout-traditional elementor-list-item-link-full_width elementor-widget elementor-widget-icon-list\" data-id=\"e474c01\" data-element_type=\"widget\" data-widget_type=\"icon-list.default\">\n\t\t\t\t<div class=\"elementor-widget-container\">\n\t\t\t\t\t\t\t<ul class=\"elementor-icon-list-items\">\n\t\t\t\t\t\t\t<li class=\"elementor-icon-list-item\">\n\t\t\t\t\t\t\t\t\t\t\t<span class=\"elementor-icon-list-icon\">\n\t\t\t\t\t\t\t<i aria-hidden=\"true\" class=\"fas fa-battery-three-quarters\"><\/i>\t\t\t\t\t\t<\/span>\n\t\t\t\t\t\t\t\t\t\t<span class=\"elementor-icon-list-text\">od 170 km do 375 km dosega<\/span>\n\t\t\t\t\t\t\t\t\t<\/li>\n\t\t\t\t\t\t\t\t<li class=\"elementor-icon-list-item\">\n\t\t\t\t\t\t\t\t\t\t\t<span class=\"elementor-icon-list-icon\">\n\t\t\t\t\t\t\t<i aria-hidden=\"true\" class=\"fas fa-charging-station\"><\/i>\t\t\t\t\t\t<\/span>\n\t\t\t\t\t\t\t\t\t\t<span class=\"elementor-icon-list-text\">100 kW najve\u010dja mo\u010d hitrega polnjenja<\/span>\n\t\t\t\t\t\t\t\t\t<\/li>\n\t\t\t\t\t\t\t\t<li class=\"elementor-icon-list-item\">\n\t\t\t\t\t\t\t\t\t\t\t<span class=\"elementor-icon-list-icon\">\n\t\t\t\t\t\t\t<i aria-hidden=\"true\" class=\"fas fa-plug\"><\/i>\t\t\t\t\t\t<\/span>\n\t\t\t\t\t\t\t\t\t\t<span class=\"elementor-icon-list-text\">Zdru\u017eljivo z vsemi javnimi polnilnicami<\/span>\n\t\t\t\t\t\t\t\t\t<\/li>\n\t\t\t\t\t\t<\/ul>\n\t\t\t\t\t\t<\/div>\n\t\t\t\t<\/div>\n\t\t\t\t<div class=\"elementor-element elementor-element-aa13bbe elementor-widget elementor-widget-spacer\" data-id=\"aa13bbe\" data-element_type=\"widget\" data-widget_type=\"spacer.default\">\n\t\t\t\t<div class=\"elementor-widget-container\">\n\t\t\t\t\t\t\t<div class=\"elementor-spacer\">\n\t\t\t<div class=\"elementor-spacer-inner\"><\/div>\n\t\t<\/div>\n\t\t\t\t\t\t<\/div>\n\t\t\t\t<\/div>\n\t\t\t\t<div class=\"elementor-element elementor-element-1c3548a bottom-btn elementor-absolute elementor-widget elementor-widget-bridge_button\" data-id=\"1c3548a\" data-element_type=\"widget\" data-settings=\"{&quot;_position&quot;:&quot;absolute&quot;}\" data-widget_type=\"bridge_button.default\">\n\t\t\t\t<div class=\"elementor-widget-container\">\n\t\t\t\t\t<a  itemprop=\"url\" href=\"https:\/\/www.avantcar.si\/electric-mobility\/ev-guide-skoda-enyaq-iv80\/\" target=\"_self\" data-hover-background-color='#30393D' data-hover-border-color='#30393D' data-hover-color='#FFFFFF' class=\"qbutton  big_large center default full-btn\" style=\"color: #FFFFFF; border-color: #6FB13F; font-weight: 900; font-family: Roboto; text-transform: none; font-size: 16px; letter-spacing: 0px; border-radius: 0px 0px 17px 17px;-moz-border-radius: 0px 0px 17px 17px;-webkit-border-radius: 0px 0px 17px 17px; background-color: #6FB13F;\">MORE ABOUT THIS MODEL<\/a>\t\t\t\t<\/div>\n\t\t\t\t<\/div>\n\t\t\t\t\t<\/div>\n\t\t<\/div>\n\t\t\t\t<div class=\"elementor-column elementor-col-25 elementor-inner-column elementor-element elementor-element-1ea0375\" data-id=\"1ea0375\" data-element_type=\"column\">\n\t\t\t<div class=\"elementor-widget-wrap\">\n\t\t\t\t\t\t\t<\/div>\n\t\t<\/div>\n\t\t\t\t\t<\/div>\n\t\t<\/section>\n\t\t\t\t<section class=\"elementor-section elementor-inner-section elementor-element elementor-element-fd6c640 elementor-section-boxed elementor-section-height-default elementor-section-height-default parallax_section_no qode_elementor_container_no elementor-invisible\" data-id=\"fd6c640\" data-element_type=\"section\" data-settings=\"{&quot;animation&quot;:&quot;fadeIn&quot;}\">\n\t\t\t\t\t\t<div class=\"elementor-container elementor-column-gap-default\">\n\t\t\t\t\t<div class=\"elementor-column elementor-col-25 elementor-inner-column elementor-element elementor-element-844fea9\" data-id=\"844fea9\" data-element_type=\"column\">\n\t\t\t<div class=\"elementor-widget-wrap\">\n\t\t\t\t\t\t\t<\/div>\n\t\t<\/div>\n\t\t\t\t<div class=\"elementor-column elementor-col-25 elementor-inner-column elementor-element elementor-element-e8ccd12 business-paket\" data-id=\"e8ccd12\" data-element_type=\"column\" data-settings=\"{&quot;background_background&quot;:&quot;classic&quot;}\">\n\t\t\t<div class=\"elementor-widget-wrap elementor-element-populated\">\n\t\t\t\t\t\t<div class=\"elementor-element elementor-element-e8c46d0 elementor-widget elementor-widget-image\" data-id=\"e8c46d0\" data-element_type=\"widget\" data-widget_type=\"image.default\">\n\t\t\t\t<div class=\"elementor-widget-container\">\n\t\t\t\t\t\t\t\t\t\t\t\t\t\t\t<img decoding=\"async\" src=\"https:\/\/www.avantcar.si\/wp-content\/uploads\/elementor\/thumbs\/Model-3-5-rb48ksv2funwgd4sbj0n4wg6jgfv1f83ckz8tlp8g0.png\" title=\"Model-3\" alt=\"Tesla Model 3\" loading=\"lazy\" \/>\t\t\t\t\t\t\t\t\t\t\t\t\t\t\t<\/div>\n\t\t\t\t<\/div>\n\t\t\t\t<div class=\"elementor-element elementor-element-9a49b73 elementor-widget elementor-widget-heading\" data-id=\"9a49b73\" data-element_type=\"widget\" data-widget_type=\"heading.default\">\n\t\t\t\t<div class=\"elementor-widget-container\">\n\t\t\t\t\t<h3 class=\"elementor-heading-title elementor-size-default\">Tesla Model 3 LR<\/h3>\t\t\t\t<\/div>\n\t\t\t\t<\/div>\n\t\t\t\t<div class=\"elementor-element elementor-element-d190694 elementor-list-item-link-full_width elementor-widget elementor-widget-icon-list\" data-id=\"d190694\" data-element_type=\"widget\" data-widget_type=\"icon-list.default\">\n\t\t\t\t<div class=\"elementor-widget-container\">\n\t\t\t\t\t\t\t<ul class=\"elementor-icon-list-items\">\n\t\t\t\t\t\t\t<li class=\"elementor-icon-list-item\">\n\t\t\t\t\t\t\t\t\t\t\t<span class=\"elementor-icon-list-icon\">\n\t\t\t\t\t\t\t<i aria-hidden=\"true\" class=\"fas fa-battery-three-quarters\"><\/i>\t\t\t\t\t\t<\/span>\n\t\t\t\t\t\t\t\t\t\t<span class=\"elementor-icon-list-text\">od 360 km do 480 km dosega<\/span>\n\t\t\t\t\t\t\t\t\t<\/li>\n\t\t\t\t\t\t\t\t<li class=\"elementor-icon-list-item\">\n\t\t\t\t\t\t\t\t\t\t\t<span class=\"elementor-icon-list-icon\">\n\t\t\t\t\t\t\t<i aria-hidden=\"true\" class=\"fas fa-charging-station\"><\/i>\t\t\t\t\t\t<\/span>\n\t\t\t\t\t\t\t\t\t\t<span class=\"elementor-icon-list-text\">250 kW najve\u010dja mo\u010d hitrega polnjenja<\/span>\n\t\t\t\t\t\t\t\t\t<\/li>\n\t\t\t\t\t\t\t\t<li class=\"elementor-icon-list-item\">\n\t\t\t\t\t\t\t\t\t\t\t<span class=\"elementor-icon-list-icon\">\n\t\t\t\t\t\t\t<i aria-hidden=\"true\" class=\"fas fa-plug\"><\/i>\t\t\t\t\t\t<\/span>\n\t\t\t\t\t\t\t\t\t\t<span class=\"elementor-icon-list-text\">Dostop do mre\u017ee Tesla Supercharger<\/span>\n\t\t\t\t\t\t\t\t\t<\/li>\n\t\t\t\t\t\t<\/ul>\n\t\t\t\t\t\t<\/div>\n\t\t\t\t<\/div>\n\t\t\t\t<div class=\"elementor-element elementor-element-d3471d3 elementor-widget elementor-widget-spacer\" data-id=\"d3471d3\" data-element_type=\"widget\" data-widget_type=\"spacer.default\">\n\t\t\t\t<div class=\"elementor-widget-container\">\n\t\t\t\t\t\t\t<div class=\"elementor-spacer\">\n\t\t\t<div class=\"elementor-spacer-inner\"><\/div>\n\t\t<\/div>\n\t\t\t\t\t\t<\/div>\n\t\t\t\t<\/div>\n\t\t\t\t<div class=\"elementor-element elementor-element-08e7b01 bottom-btn elementor-absolute elementor-widget elementor-widget-bridge_button\" data-id=\"08e7b01\" data-element_type=\"widget\" data-settings=\"{&quot;_position&quot;:&quot;absolute&quot;}\" data-widget_type=\"bridge_button.default\">\n\t\t\t\t<div class=\"elementor-widget-container\">\n\t\t\t\t\t<a  itemprop=\"url\" href=\"https:\/\/www.avantcar.si\/electric-mobility\/ev-guide-tesla-model-3\/\" target=\"_self\" data-hover-background-color='#30393D' data-hover-border-color='#30393D' data-hover-color='#FFFFFF' class=\"qbutton  big_large center default full-btn\" style=\"color: #FFFFFF; border-color: #6FB13F; font-weight: 900; font-family: Roboto; text-transform: none; font-size: 16px; letter-spacing: 0px; border-radius: 0px 0px 17px 17px;-moz-border-radius: 0px 0px 17px 17px;-webkit-border-radius: 0px 0px 17px 17px; background-color: #6FB13F;\">MORE ABOUT THIS MODEL<\/a>\t\t\t\t<\/div>\n\t\t\t\t<\/div>\n\t\t\t\t\t<\/div>\n\t\t<\/div>\n\t\t\t\t<div class=\"elementor-column elementor-col-25 elementor-inner-column elementor-element elementor-element-9256a89 business-paket\" data-id=\"9256a89\" data-element_type=\"column\" data-settings=\"{&quot;background_background&quot;:&quot;classic&quot;}\">\n\t\t\t<div class=\"elementor-widget-wrap elementor-element-populated\">\n\t\t\t\t\t\t<div class=\"elementor-element elementor-element-3465935 elementor-widget elementor-widget-image\" data-id=\"3465935\" data-element_type=\"widget\" data-widget_type=\"image.default\">\n\t\t\t\t<div class=\"elementor-widget-container\">\n\t\t\t\t\t\t\t\t\t\t\t\t\t\t\t<img decoding=\"async\" src=\"https:\/\/www.avantcar.si\/wp-content\/uploads\/elementor\/thumbs\/Model-Y-2-rb48ksv2funwgd4sbj0n4wg6jgfv1f83ckz8tlp8g0.png\" title=\"Model-Y\" alt=\"Tesla Model Y LR\" loading=\"lazy\" \/>\t\t\t\t\t\t\t\t\t\t\t\t\t\t\t<\/div>\n\t\t\t\t<\/div>\n\t\t\t\t<div class=\"elementor-element elementor-element-c2ee02c elementor-widget elementor-widget-heading\" data-id=\"c2ee02c\" data-element_type=\"widget\" data-widget_type=\"heading.default\">\n\t\t\t\t<div class=\"elementor-widget-container\">\n\t\t\t\t\t<h3 class=\"elementor-heading-title elementor-size-default\">Tesla Model Y LR<\/h3>\t\t\t\t<\/div>\n\t\t\t\t<\/div>\n\t\t\t\t<div class=\"elementor-element elementor-element-dbaf3e5 elementor-icon-list--layout-traditional elementor-list-item-link-full_width elementor-widget elementor-widget-icon-list\" data-id=\"dbaf3e5\" data-element_type=\"widget\" data-widget_type=\"icon-list.default\">\n\t\t\t\t<div class=\"elementor-widget-container\">\n\t\t\t\t\t\t\t<ul class=\"elementor-icon-list-items\">\n\t\t\t\t\t\t\t<li class=\"elementor-icon-list-item\">\n\t\t\t\t\t\t\t\t\t\t\t<span class=\"elementor-icon-list-icon\">\n\t\t\t\t\t\t\t<i aria-hidden=\"true\" class=\"fas fa-battery-three-quarters\"><\/i>\t\t\t\t\t\t<\/span>\n\t\t\t\t\t\t\t\t\t\t<span class=\"elementor-icon-list-text\">od 310 km do 430 km dosega<\/span>\n\t\t\t\t\t\t\t\t\t<\/li>\n\t\t\t\t\t\t\t\t<li class=\"elementor-icon-list-item\">\n\t\t\t\t\t\t\t\t\t\t\t<span class=\"elementor-icon-list-icon\">\n\t\t\t\t\t\t\t<i aria-hidden=\"true\" class=\"fas fa-charging-station\"><\/i>\t\t\t\t\t\t<\/span>\n\t\t\t\t\t\t\t\t\t\t<span class=\"elementor-icon-list-text\">250 kW najve\u010dja mo\u010d hitrega polnjenja<\/span>\n\t\t\t\t\t\t\t\t\t<\/li>\n\t\t\t\t\t\t\t\t<li class=\"elementor-icon-list-item\">\n\t\t\t\t\t\t\t\t\t\t\t<span class=\"elementor-icon-list-icon\">\n\t\t\t\t\t\t\t<i aria-hidden=\"true\" class=\"fas fa-plug\"><\/i>\t\t\t\t\t\t<\/span>\n\t\t\t\t\t\t\t\t\t\t<span class=\"elementor-icon-list-text\">Dostop do mre\u017ee Tesla Supercharger<\/span>\n\t\t\t\t\t\t\t\t\t<\/li>\n\t\t\t\t\t\t<\/ul>\n\t\t\t\t\t\t<\/div>\n\t\t\t\t<\/div>\n\t\t\t\t<div class=\"elementor-element elementor-element-1a10a80 elementor-widget elementor-widget-spacer\" data-id=\"1a10a80\" data-element_type=\"widget\" data-widget_type=\"spacer.default\">\n\t\t\t\t<div class=\"elementor-widget-container\">\n\t\t\t\t\t\t\t<div class=\"elementor-spacer\">\n\t\t\t<div class=\"elementor-spacer-inner\"><\/div>\n\t\t<\/div>\n\t\t\t\t\t\t<\/div>\n\t\t\t\t<\/div>\n\t\t\t\t<div class=\"elementor-element elementor-element-edbace5 bottom-btn elementor-absolute elementor-widget elementor-widget-bridge_button\" data-id=\"edbace5\" data-element_type=\"widget\" data-settings=\"{&quot;_position&quot;:&quot;absolute&quot;}\" data-widget_type=\"bridge_button.default\">\n\t\t\t\t<div class=\"elementor-widget-container\">\n\t\t\t\t\t<a  itemprop=\"url\" href=\"https:\/\/www.avantcar.si\/electric-mobility\/ev-guide-tesla-model-y\/\" target=\"_self\" data-hover-background-color='#30393D' data-hover-border-color='#30393D' data-hover-color='#FFFFFF' class=\"qbutton  big_large center default full-btn\" style=\"color: #FFFFFF; border-color: #6FB13F; font-weight: 900; font-family: Roboto; text-transform: none; font-size: 16px; letter-spacing: 0px; border-radius: 0px 0px 17px 17px;-moz-border-radius: 0px 0px 17px 17px;-webkit-border-radius: 0px 0px 17px 17px; background-color: #6FB13F;\">MORE ABOUT THIS MODEL<\/a>\t\t\t\t<\/div>\n\t\t\t\t<\/div>\n\t\t\t\t\t<\/div>\n\t\t<\/div>\n\t\t\t\t<div class=\"elementor-column elementor-col-25 elementor-inner-column elementor-element elementor-element-bc35489\" data-id=\"bc35489\" data-element_type=\"column\">\n\t\t\t<div class=\"elementor-widget-wrap\">\n\t\t\t\t\t\t\t<\/div>\n\t\t<\/div>\n\t\t\t\t\t<\/div>\n\t\t<\/section>\n\t\t\t\t\t<\/div>\n\t\t<\/div>\n\t\t\t\t\t<\/div>\n\t\t<\/section>\n\t\t\t\t<section class=\"elementor-section elementor-top-section elementor-element elementor-element-0227367 elementor-section-full_width add-pad-b add-pad-t-small elementor-section-height-default elementor-section-height-default parallax_section_no qode_elementor_container_no\" data-id=\"0227367\" data-element_type=\"section\" data-settings=\"{&quot;background_background&quot;:&quot;gradient&quot;}\">\n\t\t\t\t\t\t<div class=\"elementor-container elementor-column-gap-default\">\n\t\t\t\t\t<div class=\"elementor-column elementor-col-100 elementor-top-column elementor-element elementor-element-8c52e32\" data-id=\"8c52e32\" data-element_type=\"column\">\n\t\t\t<div class=\"elementor-widget-wrap elementor-element-populated\">\n\t\t\t\t\t\t<section class=\"elementor-section elementor-inner-section elementor-element elementor-element-8a6a6ea elementor-section-full_width elementor-section-height-default elementor-section-height-default parallax_section_no qode_elementor_container_no\" data-id=\"8a6a6ea\" data-element_type=\"section\">\n\t\t\t\t\t\t<div class=\"elementor-container elementor-column-gap-default\">\n\t\t\t\t\t<div class=\"elementor-column elementor-col-100 elementor-inner-column elementor-element elementor-element-a05a893\" data-id=\"a05a893\" data-element_type=\"column\">\n\t\t\t<div class=\"elementor-widget-wrap elementor-element-populated\">\n\t\t\t\t\t\t<div class=\"elementor-element elementor-element-4339184 elementor-widget elementor-widget-heading\" data-id=\"4339184\" data-element_type=\"widget\" data-widget_type=\"heading.default\">\n\t\t\t\t<div class=\"elementor-widget-container\">\n\t\t\t\t\t<h2 class=\"elementor-heading-title elementor-size-default\">\u0160e nimate rezervacije? Rezervirajte svoje elektri\u010dno vozilo \u0161e danes<\/h2>\t\t\t\t<\/div>\n\t\t\t\t<\/div>\n\t\t\t\t\t<\/div>\n\t\t<\/div>\n\t\t\t\t\t<\/div>\n\t\t<\/section>\n\t\t\t\t<section class=\"elementor-section elementor-inner-section elementor-element elementor-element-a207dd4 elementor-section-boxed elementor-section-height-default elementor-section-height-default parallax_section_no qode_elementor_container_no\" data-id=\"a207dd4\" data-element_type=\"section\">\n\t\t\t\t\t\t<div class=\"elementor-container elementor-column-gap-default\">\n\t\t\t\t\t<div class=\"elementor-column elementor-col-33 elementor-inner-column elementor-element elementor-element-9ea0c14 elementor-invisible\" data-id=\"9ea0c14\" data-element_type=\"column\" data-settings=\"{&quot;animation&quot;:&quot;fadeIn&quot;}\">\n\t\t\t<div class=\"elementor-widget-wrap elementor-element-populated\">\n\t\t\t\t\t\t<div class=\"elementor-element elementor-element-a6b2096 elementor-widget elementor-widget-heading\" data-id=\"a6b2096\" data-element_type=\"widget\" data-widget_type=\"heading.default\">\n\t\t\t\t<div class=\"elementor-widget-container\">\n\t\t\t\t\t<h2 class=\"elementor-heading-title elementor-size-default\">1<\/h2>\t\t\t\t<\/div>\n\t\t\t\t<\/div>\n\t\t\t\t<div class=\"elementor-element elementor-element-af3e7cd elementor-widget elementor-widget-heading\" data-id=\"af3e7cd\" data-element_type=\"widget\" data-widget_type=\"heading.default\">\n\t\t\t\t<div class=\"elementor-widget-container\">\n\t\t\t\t\t<h3 class=\"elementor-heading-title elementor-size-default\">Prebrskajte na\u0161o ponudbo elektri\u010dnih vozil.<\/h3>\t\t\t\t<\/div>\n\t\t\t\t<\/div>\n\t\t\t\t<div class=\"elementor-element elementor-element-028137e elementor-widget elementor-widget-text-editor\" data-id=\"028137e\" data-element_type=\"widget\" data-widget_type=\"text-editor.default\">\n\t\t\t\t<div class=\"elementor-widget-container\">\n\t\t\t\t\t\t\t\t\t<p>Izberite elektri\u010dno vozilo iz na\u0161ega razpolo\u017eljivega voznega parka, ki ustreza va\u0161im \u017eeljam.<\/p>\n\t\t\t\t\t\t\t\t<\/div>\n\t\t\t\t<\/div>\n\t\t\t\t\t<\/div>\n\t\t<\/div>\n\t\t\t\t<div class=\"elementor-column elementor-col-33 elementor-inner-column elementor-element elementor-element-90bfa5d elementor-invisible\" data-id=\"90bfa5d\" data-element_type=\"column\" data-settings=\"{&quot;animation&quot;:&quot;fadeIn&quot;,&quot;animation_delay&quot;:500}\">\n\t\t\t<div class=\"elementor-widget-wrap elementor-element-populated\">\n\t\t\t\t\t\t<div class=\"elementor-element elementor-element-2e725b3 elementor-widget elementor-widget-heading\" data-id=\"2e725b3\" data-element_type=\"widget\" data-widget_type=\"heading.default\">\n\t\t\t\t<div class=\"elementor-widget-container\">\n\t\t\t\t\t<h2 class=\"elementor-heading-title elementor-size-default\">2<\/h2>\t\t\t\t<\/div>\n\t\t\t\t<\/div>\n\t\t\t\t<div class=\"elementor-element elementor-element-91341c1 elementor-widget elementor-widget-heading\" data-id=\"91341c1\" data-element_type=\"widget\" data-widget_type=\"heading.default\">\n\t\t\t\t<div class=\"elementor-widget-container\">\n\t\t\t\t\t<h3 class=\"elementor-heading-title elementor-size-default\">Rezervirajte vozilo prilagojeno va\u0161im \u017eeljam.<\/h3>\t\t\t\t<\/div>\n\t\t\t\t<\/div>\n\t\t\t\t<div class=\"elementor-element elementor-element-e7527cf elementor-widget elementor-widget-text-editor\" data-id=\"e7527cf\" data-element_type=\"widget\" data-widget_type=\"text-editor.default\">\n\t\t\t\t<div class=\"elementor-widget-container\">\n\t\t\t\t\t\t\t\t\t<p>Preprosto rezervirajte prek spleta ali po e-po\u0161ti in si zagotovite vozilo za \u017eeleno obdobje.<\/p>\n\t\t\t\t\t\t\t\t<\/div>\n\t\t\t\t<\/div>\n\t\t\t\t\t<\/div>\n\t\t<\/div>\n\t\t\t\t<div class=\"elementor-column elementor-col-33 elementor-inner-column elementor-element elementor-element-6e9276a elementor-invisible\" data-id=\"6e9276a\" data-element_type=\"column\" data-settings=\"{&quot;animation&quot;:&quot;fadeIn&quot;,&quot;animation_delay&quot;:1000}\">\n\t\t\t<div class=\"elementor-widget-wrap elementor-element-populated\">\n\t\t\t\t\t\t<div class=\"elementor-element elementor-element-2361dda elementor-widget elementor-widget-heading\" data-id=\"2361dda\" data-element_type=\"widget\" data-widget_type=\"heading.default\">\n\t\t\t\t<div class=\"elementor-widget-container\">\n\t\t\t\t\t<h2 class=\"elementor-heading-title elementor-size-default\">3<\/h2>\t\t\t\t<\/div>\n\t\t\t\t<\/div>\n\t\t\t\t<div class=\"elementor-element elementor-element-916ac0a elementor-widget elementor-widget-heading\" data-id=\"916ac0a\" data-element_type=\"widget\" data-widget_type=\"heading.default\">\n\t\t\t\t<div class=\"elementor-widget-container\">\n\t\t\t\t\t<h3 class=\"elementor-heading-title elementor-size-default\">Pri\u010dnite svoje elektri\u010dno popotovanje!<\/h3>\t\t\t\t<\/div>\n\t\t\t\t<\/div>\n\t\t\t\t<div class=\"elementor-element elementor-element-4e4c98e elementor-widget elementor-widget-text-editor\" data-id=\"4e4c98e\" data-element_type=\"widget\" data-widget_type=\"text-editor.default\">\n\t\t\t\t<div class=\"elementor-widget-container\">\n\t\t\t\t\t\t\t\t\t<p>Odpravite se na pot in vozite brez hrupa in izpustov.<\/p>\n\t\t\t\t\t\t\t\t<\/div>\n\t\t\t\t<\/div>\n\t\t\t\t\t<\/div>\n\t\t<\/div>\n\t\t\t\t\t<\/div>\n\t\t<\/section>\n\t\t\t\t<div class=\"elementor-element elementor-element-30efca0 ev-btn-container elementor-widget elementor-widget-html\" data-id=\"30efca0\" data-element_type=\"widget\" data-widget_type=\"html.default\">\n\t\t\t\t<div class=\"elementor-widget-container\">\n\t\t\t\t\t<div>\r\n    <a href=\"#offer\" target=\"_self\">\r\n        <button class=\"business-btn\">Rezervirajte EV<\/button>\r\n    <\/a>\r\n<\/div>\t\t\t\t<\/div>\n\t\t\t\t<\/div>\n\t\t\t\t\t<\/div>\n\t\t<\/div>\n\t\t\t\t\t<\/div>\n\t\t<\/section>\n\t\t\t\t<section class=\"elementor-section elementor-top-section elementor-element elementor-element-471c9ad elementor-section-full_width add-pad-lr-big elementor-section-height-default elementor-section-height-default parallax_section_no qode_elementor_container_no\" data-id=\"471c9ad\" data-element_type=\"section\" data-settings=\"{&quot;background_background&quot;:&quot;classic&quot;}\">\n\t\t\t\t\t\t<div class=\"elementor-container elementor-column-gap-no\">\n\t\t\t\t\t<div class=\"elementor-column elementor-col-100 elementor-top-column elementor-element elementor-element-53743dd\" data-id=\"53743dd\" data-element_type=\"column\">\n\t\t\t<div class=\"elementor-widget-wrap elementor-element-populated\">\n\t\t\t\t\t\t<section class=\"elementor-section elementor-inner-section elementor-element elementor-element-ce08c68 elementor-section-boxed elementor-section-height-default elementor-section-height-default parallax_section_no qode_elementor_container_no\" data-id=\"ce08c68\" data-element_type=\"section\">\n\t\t\t\t\t\t<div class=\"elementor-container elementor-column-gap-default\">\n\t\t\t\t\t<div class=\"elementor-column elementor-col-50 elementor-inner-column elementor-element elementor-element-6bbfaaf\" data-id=\"6bbfaaf\" data-element_type=\"column\">\n\t\t\t<div class=\"elementor-widget-wrap\">\n\t\t\t\t\t\t\t<\/div>\n\t\t<\/div>\n\t\t\t\t<div class=\"elementor-column elementor-col-50 elementor-inner-column elementor-element elementor-element-dd1a9e6\" data-id=\"dd1a9e6\" data-element_type=\"column\">\n\t\t\t<div class=\"elementor-widget-wrap\">\n\t\t\t\t\t\t\t<\/div>\n\t\t<\/div>\n\t\t\t\t\t<\/div>\n\t\t<\/section>\n\t\t\t\t\t<\/div>\n\t\t<\/div>\n\t\t\t\t\t<\/div>\n\t\t<\/section>\n\t\t\t\t<\/div>\n\t\t","protected":false},"excerpt":{"rendered":"<p>Odkrijte elektri\u010dno mobilnost v Sloveniji Vam e-vozila predstavljajo novost? Brez skrbi! Avant Car ponuja vrhunski vodnik o elektri\u010dni mobilnosti v Sloveniji. Izkusite 100 % elektri\u010dno mobilnost in pri\u010dnite svoje popolnoma napolnjeno popotovanje brez skrbi! Odkrijte ve\u010d o na\u0161i ponudbi e-vozil in mre\u017ei polnilnih mest v&#8230;<\/p>\n","protected":false},"author":7,"featured_media":27239,"parent":0,"menu_order":0,"comment_status":"closed","ping_status":"closed","template":"full_width.php","meta":{"_acf_changed":false,"footnotes":""},"class_list":["post-28001","page","type-page","status-publish","has-post-thumbnail","hentry"],"acf":[],"yoast_head":"<!-- This site is optimized with the Yoast SEO plugin v26.3 - https:\/\/yoast.com\/wordpress\/plugins\/seo\/ -->\n<title>Elektri\u010dna mobilnost | Elektri\u010dna vozila | Avant Car Slovenia<\/title>\n<meta name=\"description\" content=\"\u2713 Popolna mobilnostna re\u0161itev s fiksnimi mese\u010dnimi stro\u0161ki \u2713 Storitev od vrat do vrat \u2713 Dodeljena ekipa strokovnjakov \u2713 Prilagodljiv in dolgoro\u010den najem\" \/>\n<meta name=\"robots\" content=\"index, follow, max-snippet:-1, max-image-preview:large, max-video-preview:-1\" \/>\n<link rel=\"canonical\" href=\"https:\/\/www.avantcar.si\/sl\/electric-mobility\/\" \/>\n<meta property=\"og:locale\" content=\"sl_SI\" \/>\n<meta property=\"og:type\" content=\"article\" \/>\n<meta property=\"og:title\" content=\"Elektri\u010dna mobilnost | Elektri\u010dna vozila | Avant Car Slovenia\" \/>\n<meta property=\"og:description\" content=\"\u2713 Popolna mobilnostna re\u0161itev s fiksnimi mese\u010dnimi stro\u0161ki \u2713 Storitev od vrat do vrat \u2713 Dodeljena ekipa strokovnjakov \u2713 Prilagodljiv in dolgoro\u010den najem\" \/>\n<meta property=\"og:url\" content=\"https:\/\/www.avantcar.si\/sl\/electric-mobility\/\" \/>\n<meta property=\"og:site_name\" content=\"Avantcar\" \/>\n<meta property=\"article:modified_time\" content=\"2025-11-05T14:14:31+00:00\" \/>\n<meta property=\"og:image\" content=\"https:\/\/www.avantcar.si\/wp-content\/uploads\/2020\/11\/bussinesman.png\" \/>\n\t<meta property=\"og:image:width\" content=\"376\" \/>\n\t<meta property=\"og:image:height\" content=\"509\" \/>\n\t<meta property=\"og:image:type\" content=\"image\/png\" \/>\n<meta name=\"twitter:card\" content=\"summary_large_image\" \/>\n<meta name=\"twitter:label1\" content=\"Est. reading time\" \/>\n\t<meta name=\"twitter:data1\" content=\"3 minute\" \/>\n<script type=\"application\/ld+json\" class=\"yoast-schema-graph\">{\"@context\":\"https:\/\/schema.org\",\"@graph\":[{\"@type\":\"WebPage\",\"@id\":\"https:\/\/www.avantcar.si\/sl\/electric-mobility\/\",\"url\":\"https:\/\/www.avantcar.si\/sl\/electric-mobility\/\",\"name\":\"Elektri\u010dna mobilnost | Elektri\u010dna vozila | Avant Car Slovenia\",\"isPartOf\":{\"@id\":\"https:\/\/www.avantcar.si\/sl\/#website\"},\"primaryImageOfPage\":{\"@id\":\"https:\/\/www.avantcar.si\/sl\/electric-mobility\/#primaryimage\"},\"image\":{\"@id\":\"https:\/\/www.avantcar.si\/sl\/electric-mobility\/#primaryimage\"},\"thumbnailUrl\":\"https:\/\/www.avantcar.si\/wp-content\/uploads\/2020\/11\/bussinesman.png\",\"datePublished\":\"2024-07-17T12:33:17+00:00\",\"dateModified\":\"2025-11-05T14:14:31+00:00\",\"description\":\"\u2713 Popolna mobilnostna re\u0161itev s fiksnimi mese\u010dnimi stro\u0161ki \u2713 Storitev od vrat do vrat \u2713 Dodeljena ekipa strokovnjakov \u2713 Prilagodljiv in dolgoro\u010den najem\",\"breadcrumb\":{\"@id\":\"https:\/\/www.avantcar.si\/sl\/electric-mobility\/#breadcrumb\"},\"inLanguage\":\"sl-SI\",\"potentialAction\":[{\"@type\":\"ReadAction\",\"target\":[\"https:\/\/www.avantcar.si\/sl\/electric-mobility\/\"]}]},{\"@type\":\"ImageObject\",\"inLanguage\":\"sl-SI\",\"@id\":\"https:\/\/www.avantcar.si\/sl\/electric-mobility\/#primaryimage\",\"url\":\"https:\/\/www.avantcar.si\/wp-content\/uploads\/2020\/11\/bussinesman.png\",\"contentUrl\":\"https:\/\/www.avantcar.si\/wp-content\/uploads\/2020\/11\/bussinesman.png\",\"width\":376,\"height\":509},{\"@type\":\"BreadcrumbList\",\"@id\":\"https:\/\/www.avantcar.si\/sl\/electric-mobility\/#breadcrumb\",\"itemListElement\":[{\"@type\":\"ListItem\",\"position\":1,\"name\":\"Home\",\"item\":\"https:\/\/www.avantcar.si\/sl\/\"},{\"@type\":\"ListItem\",\"position\":2,\"name\":\"Elektri\u010dna mobilnost\"}]},{\"@type\":\"WebSite\",\"@id\":\"https:\/\/www.avantcar.si\/sl\/#website\",\"url\":\"https:\/\/www.avantcar.si\/sl\/\",\"name\":\"Avantcar\",\"description\":\"\",\"publisher\":{\"@id\":\"https:\/\/www.avantcar.si\/sl\/#organization\"},\"potentialAction\":[{\"@type\":\"SearchAction\",\"target\":{\"@type\":\"EntryPoint\",\"urlTemplate\":\"https:\/\/www.avantcar.si\/sl\/?s={search_term_string}\"},\"query-input\":{\"@type\":\"PropertyValueSpecification\",\"valueRequired\":true,\"valueName\":\"search_term_string\"}}],\"inLanguage\":\"sl-SI\"},{\"@type\":\"Organization\",\"@id\":\"https:\/\/www.avantcar.si\/sl\/#organization\",\"name\":\"Avantcar\",\"url\":\"https:\/\/www.avantcar.si\/sl\/\",\"logo\":{\"@type\":\"ImageObject\",\"inLanguage\":\"sl-SI\",\"@id\":\"https:\/\/www.avantcar.si\/sl\/#\/schema\/logo\/image\/\",\"url\":\"https:\/\/www.avantcar.si\/wp-content\/uploads\/2021\/04\/ugovor.png\",\"contentUrl\":\"https:\/\/www.avantcar.si\/wp-content\/uploads\/2021\/04\/ugovor.png\",\"width\":72,\"height\":72,\"caption\":\"Avantcar\"},\"image\":{\"@id\":\"https:\/\/www.avantcar.si\/sl\/#\/schema\/logo\/image\/\"}}]}<\/script>\n<!-- \/ Yoast SEO plugin. -->","yoast_head_json":{"title":"Elektri\u010dna mobilnost | Elektri\u010dna vozila | Avant Car Slovenia","description":"\u2713 Popolna mobilnostna re\u0161itev s fiksnimi mese\u010dnimi stro\u0161ki \u2713 Storitev od vrat do vrat \u2713 Dodeljena ekipa strokovnjakov \u2713 Prilagodljiv in dolgoro\u010den najem","robots":{"index":"index","follow":"follow","max-snippet":"max-snippet:-1","max-image-preview":"max-image-preview:large","max-video-preview":"max-video-preview:-1"},"canonical":"https:\/\/www.avantcar.si\/sl\/electric-mobility\/","og_locale":"sl_SI","og_type":"article","og_title":"Elektri\u010dna mobilnost | Elektri\u010dna vozila | Avant Car Slovenia","og_description":"\u2713 Popolna mobilnostna re\u0161itev s fiksnimi mese\u010dnimi stro\u0161ki \u2713 Storitev od vrat do vrat \u2713 Dodeljena ekipa strokovnjakov \u2713 Prilagodljiv in dolgoro\u010den najem","og_url":"https:\/\/www.avantcar.si\/sl\/electric-mobility\/","og_site_name":"Avantcar","article_modified_time":"2025-11-05T14:14:31+00:00","og_image":[{"width":376,"height":509,"url":"https:\/\/www.avantcar.si\/wp-content\/uploads\/2020\/11\/bussinesman.png","type":"image\/png"}],"twitter_card":"summary_large_image","twitter_misc":{"Est. reading time":"3 minute"},"schema":{"@context":"https:\/\/schema.org","@graph":[{"@type":"WebPage","@id":"https:\/\/www.avantcar.si\/sl\/electric-mobility\/","url":"https:\/\/www.avantcar.si\/sl\/electric-mobility\/","name":"Elektri\u010dna mobilnost | Elektri\u010dna vozila | Avant Car Slovenia","isPartOf":{"@id":"https:\/\/www.avantcar.si\/sl\/#website"},"primaryImageOfPage":{"@id":"https:\/\/www.avantcar.si\/sl\/electric-mobility\/#primaryimage"},"image":{"@id":"https:\/\/www.avantcar.si\/sl\/electric-mobility\/#primaryimage"},"thumbnailUrl":"https:\/\/www.avantcar.si\/wp-content\/uploads\/2020\/11\/bussinesman.png","datePublished":"2024-07-17T12:33:17+00:00","dateModified":"2025-11-05T14:14:31+00:00","description":"\u2713 Popolna mobilnostna re\u0161itev s fiksnimi mese\u010dnimi stro\u0161ki \u2713 Storitev od vrat do vrat \u2713 Dodeljena ekipa strokovnjakov \u2713 Prilagodljiv in dolgoro\u010den najem","breadcrumb":{"@id":"https:\/\/www.avantcar.si\/sl\/electric-mobility\/#breadcrumb"},"inLanguage":"sl-SI","potentialAction":[{"@type":"ReadAction","target":["https:\/\/www.avantcar.si\/sl\/electric-mobility\/"]}]},{"@type":"ImageObject","inLanguage":"sl-SI","@id":"https:\/\/www.avantcar.si\/sl\/electric-mobility\/#primaryimage","url":"https:\/\/www.avantcar.si\/wp-content\/uploads\/2020\/11\/bussinesman.png","contentUrl":"https:\/\/www.avantcar.si\/wp-content\/uploads\/2020\/11\/bussinesman.png","width":376,"height":509},{"@type":"BreadcrumbList","@id":"https:\/\/www.avantcar.si\/sl\/electric-mobility\/#breadcrumb","itemListElement":[{"@type":"ListItem","position":1,"name":"Home","item":"https:\/\/www.avantcar.si\/sl\/"},{"@type":"ListItem","position":2,"name":"Elektri\u010dna mobilnost"}]},{"@type":"WebSite","@id":"https:\/\/www.avantcar.si\/sl\/#website","url":"https:\/\/www.avantcar.si\/sl\/","name":"Avantcar","description":"","publisher":{"@id":"https:\/\/www.avantcar.si\/sl\/#organization"},"potentialAction":[{"@type":"SearchAction","target":{"@type":"EntryPoint","urlTemplate":"https:\/\/www.avantcar.si\/sl\/?s={search_term_string}"},"query-input":{"@type":"PropertyValueSpecification","valueRequired":true,"valueName":"search_term_string"}}],"inLanguage":"sl-SI"},{"@type":"Organization","@id":"https:\/\/www.avantcar.si\/sl\/#organization","name":"Avantcar","url":"https:\/\/www.avantcar.si\/sl\/","logo":{"@type":"ImageObject","inLanguage":"sl-SI","@id":"https:\/\/www.avantcar.si\/sl\/#\/schema\/logo\/image\/","url":"https:\/\/www.avantcar.si\/wp-content\/uploads\/2021\/04\/ugovor.png","contentUrl":"https:\/\/www.avantcar.si\/wp-content\/uploads\/2021\/04\/ugovor.png","width":72,"height":72,"caption":"Avantcar"},"image":{"@id":"https:\/\/www.avantcar.si\/sl\/#\/schema\/logo\/image\/"}}]}},"_links":{"self":[{"href":"https:\/\/www.avantcar.si\/sl\/wp-json\/wp\/v2\/pages\/28001","targetHints":{"allow":["GET"]}}],"collection":[{"href":"https:\/\/www.avantcar.si\/sl\/wp-json\/wp\/v2\/pages"}],"about":[{"href":"https:\/\/www.avantcar.si\/sl\/wp-json\/wp\/v2\/types\/page"}],"author":[{"embeddable":true,"href":"https:\/\/www.avantcar.si\/sl\/wp-json\/wp\/v2\/users\/7"}],"replies":[{"embeddable":true,"href":"https:\/\/www.avantcar.si\/sl\/wp-json\/wp\/v2\/comments?post=28001"}],"version-history":[{"count":35,"href":"https:\/\/www.avantcar.si\/sl\/wp-json\/wp\/v2\/pages\/28001\/revisions"}],"predecessor-version":[{"id":30960,"href":"https:\/\/www.avantcar.si\/sl\/wp-json\/wp\/v2\/pages\/28001\/revisions\/30960"}],"wp:featuredmedia":[{"embeddable":true,"href":"https:\/\/www.avantcar.si\/sl\/wp-json\/wp\/v2\/media\/27239"}],"wp:attachment":[{"href":"https:\/\/www.avantcar.si\/sl\/wp-json\/wp\/v2\/media?parent=28001"}],"curies":[{"name":"wp","href":"https:\/\/api.w.org\/{rel}","templated":true}]}}